{"id":3932,"date":"2025-05-05T13:37:17","date_gmt":"2025-05-05T13:37:17","guid":{"rendered":"https:\/\/enertek.eus\/cargador-de-coche-electrico\/"},"modified":"2025-10-22T12:39:59","modified_gmt":"2025-10-22T12:39:59","slug":"cargador-de-coche-electrico","status":"publish","type":"page","link":"https:\/\/enertek.eus\/es\/servicios\/cargador-de-coche-electrico\/","title":{"rendered":"CARGADOR DE COCHE EL\u00c9CTRICO"},"content":{"rendered":"\t\t<div data-elementor-type=\"wp-page\" data-elementor-id=\"3932\" class=\"elementor elementor-3932 elementor-3651\">\n\t\t\t\t<div class=\"elementor-element elementor-element-575003b e-flex e-con-boxed sc_layouts_column_icons_position_left e-con e-parent\" data-id=\"575003b\" data-element_type=\"container\" data-e-type=\"container\">\n\t\t\t\t\t<div class=\"e-con-inner\">\n\t\t\t\t<div data-animation-type=\"block\" class=\"elementor-element elementor-element-fbfbd1f animation_type_block sc_fly_static elementor-invisible elementor-widget elementor-widget-heading\" data-id=\"fbfbd1f\" data-element_type=\"widget\" data-e-type=\"widget\" data-settings=\"{&quot;_animation&quot;:&quot;ta_fadeinup&quot;,&quot;_animation_delay&quot;:100}\" data-widget_type=\"heading.default\">\n\t\t\t\t<div class=\"elementor-widget-container\">\n\t\t\t\t\t<h1 class=\"elementor-heading-title elementor-size-default\">CARGADOR DE COCHE EL\u00c9CTRICO<\/h1>\t\t\t\t<\/div>\n\t\t\t\t<\/div>\n\t\t\t\t<div data-animation-type=\"block\" class=\"elementor-element elementor-element-32070cf animation_type_block sc_fly_static elementor-invisible elementor-widget elementor-widget-heading\" data-id=\"32070cf\" data-element_type=\"widget\" data-e-type=\"widget\" data-settings=\"{&quot;_animation&quot;:&quot;ta_fadeinup&quot;}\" data-widget_type=\"heading.default\">\n\t\t\t\t<div class=\"elementor-widget-container\">\n\t\t\t\t\t<h2 class=\"elementor-heading-title elementor-size-default\">Instalaci\u00f3n y mantenimiento<\/h2>\t\t\t\t<\/div>\n\t\t\t\t<\/div>\n\t\t<div class=\"elementor-element elementor-element-00a02e9 e-con-full e-flex sc_layouts_column_icons_position_left e-con e-child\" data-id=\"00a02e9\" data-element_type=\"container\" data-e-type=\"container\">\n\t\t<div class=\"e-con-gap-no elementor-element elementor-element-cc40308 e-con-full e-flex sc_layouts_column_icons_position_left animation_type_block elementor-invisible e-con e-child\" data-animation-type=\"block\" data-id=\"cc40308\" data-element_type=\"container\" data-e-type=\"container\" data-settings=\"{&quot;animation&quot;:&quot;ta_fadeinup&quot;,&quot;background_background&quot;:&quot;classic&quot;}\">\n\t\t\t\t<\/div>\n\t\t<div data-animation-type=\"block\" class=\"elementor-element elementor-element-e767360 e-con-full e-flex sc_layouts_column_icons_position_left animation_type_block elementor-invisible e-con e-child\" data-id=\"e767360\" data-element_type=\"container\" data-e-type=\"container\" data-settings=\"{&quot;animation&quot;:&quot;ta_fadeinup&quot;,&quot;animation_delay&quot;:200}\">\n\t\t\t\t<div data-animation-type=\"line\" data-animation-stagger=\"80\" class=\"elementor-element elementor-element-e5ab228 elementor-widget__width-initial animation_type_line sc_fly_static elementor-invisible elementor-widget elementor-widget-heading\" data-id=\"e5ab228\" data-element_type=\"widget\" data-e-type=\"widget\" data-settings=\"{&quot;_animation&quot;:&quot;ta_fadeinup&quot;}\" data-widget_type=\"heading.default\">\n\t\t\t\t<div class=\"elementor-widget-container\">\n\t\t\t\t\t<h3 class=\"elementor-heading-title elementor-size-default\">Carga tu veh\u00edculo en casa o en tu negocio<\/h3>\t\t\t\t<\/div>\n\t\t\t\t<\/div>\n\t\t\t\t<div data-animation-type=\"block\" class=\"elementor-element elementor-element-a2f9000 elementor-widget__width-initial animation_type_block sc_fly_static elementor-invisible elementor-widget elementor-widget-text-editor\" data-id=\"a2f9000\" data-element_type=\"widget\" data-e-type=\"widget\" data-settings=\"{&quot;_animation&quot;:&quot;ta_fadeinup&quot;}\" data-widget_type=\"text-editor.default\">\n\t\t\t\t<div class=\"elementor-widget-container\">\n\t\t\t\t\t\t\t\t\t<p>Facilitamos la transici\u00f3n a la movilidad el\u00e9ctrica con la instalaci\u00f3n de puntos de recarga para coches el\u00e9ctricos . Tanto si eres particular como empresa, te asesoramos en la elecci\u00f3n del cargador m\u00e1s adecuado a tus necesidades.<\/p>\t\t\t\t\t\t\t\t<\/div>\n\t\t\t\t<\/div>\n\t\t\t\t<div data-animation-type=\"block\" class=\"elementor-element elementor-element-375a54e animation_type_block sc_fly_static elementor-invisible elementor-widget elementor-widget-button\" data-id=\"375a54e\" data-element_type=\"widget\" data-e-type=\"widget\" data-settings=\"{&quot;_animation&quot;:&quot;ta_fadeinup&quot;}\" data-widget_type=\"button.default\">\n\t\t\t\t<div class=\"elementor-widget-container\">\n\t\t\t\t\t\t\t\t\t<div class=\"elementor-button-wrapper\">\n\t\t\t\t\t<a class=\"elementor-button elementor-button-link elementor-size-sm\" href=\"https:\/\/enertek.eus\/contacto\">\n\t\t\t\t\t\t<span class=\"elementor-button-content-wrapper\">\n\t\t\t\t\t\t\t\t\t<span class=\"elementor-button-text\">Solicitar presupuesto<\/span>\n\t\t\t\t\t<\/span>\n\t\t\t\t\t<\/a>\n\t\t\t\t<\/div>\n\t\t\t\t\t\t\t\t<\/div>\n\t\t\t\t<\/div>\n\t\t\t\t<\/div>\n\t\t\t\t<\/div>\n\t\t<div class=\"elementor-element elementor-element-8fcfa62 e-con-full e-flex sc_layouts_column_icons_position_left e-con e-child\" data-id=\"8fcfa62\" data-element_type=\"container\" data-e-type=\"container\" data-settings=\"{&quot;background_background&quot;:&quot;classic&quot;}\">\n\t\t<div class=\"elementor-element elementor-element-c977006 e-con-full e-flex sc_layouts_column_icons_position_left e-con e-child\" data-id=\"c977006\" data-element_type=\"container\" data-e-type=\"container\">\n\t\t\t\t<div data-animation-type=\"block\" class=\"elementor-element elementor-element-b1f85b5 animation_type_block sc_fly_static elementor-invisible elementor-widget elementor-widget-heading\" data-id=\"b1f85b5\" data-element_type=\"widget\" data-e-type=\"widget\" data-settings=\"{&quot;_animation_delay&quot;:100,&quot;_animation&quot;:&quot;ta_fadeinup&quot;}\" data-widget_type=\"heading.default\">\n\t\t\t\t<div class=\"elementor-widget-container\">\n\t\t\t\t\t<h3 class=\"elementor-heading-title elementor-size-default\">Ventajas de tener tu propio punto de carga<\/h3>\t\t\t\t<\/div>\n\t\t\t\t<\/div>\n\t\t\t\t<div data-animation-type=\"sequental\" data-animation-stagger=\"80\" class=\"elementor-element elementor-element-2ffe769 trx-addons-info-list-icon-vertical-top animation_type_sequental trx-addons-info-list-icon-left sc_fly_static elementor-invisible elementor-widget elementor-widget-trx_elm_info_list\" data-id=\"2ffe769\" data-element_type=\"widget\" data-e-type=\"widget\" data-settings=\"{&quot;_animation&quot;:&quot;ta_fadeinup&quot;,&quot;_animation_delay&quot;:100}\" data-widget_type=\"trx_elm_info_list.default\">\n\t\t\t\t<div class=\"elementor-widget-container\">\n\t\t\t\t\t\t\t<div class=\"trx-addons-info-list-container trx-addons-list-container trx-addons-info-list-connector trx-addons-info-list-corners-hide\">\n\t\t\t<ul class=\"trx-addons-list-items\">\n\t\t\t\t\t\t\t\t\t\t\t\t\t\t\t<li class=\"trx-addons-info-list-item\">\n\t\t\t\t\t\t\t\t\t\t\t\t\t\t\t\t\t\t\t\t\t\t<div class=\"trx-addons-info-list-item-inner\">\n\t\t\t\t\t\t\t\t\t\t\t\t<div class=\"trx-addons-info-list-icon-wrapper\">\n\t\t\t\t\t\t\t\t\t<p class=\"trx-addons-info-list-icon trx-addons-info-list-number \">\n\t\t\t\t\t\t1\t\t\t\t\t<\/p>\n\t\t\t\t\t\t\t\t<\/div>\n\t\t\t\t\t\t\t\t\t\t\t\t<div class=\"trx-addons-info-list-content-wrapper\">\n\t\t\t\t\t\t\t\t\t\t\t\t\t\t\t\t\t\t\t\t\t<h4 class=\"trx-addons-info-list-title\">\n\t\t\t\t\t\t\t\t\t\t\t\t\t\t\t\t\t\t\t\t\t\t\tComodidad de cargar en casa o en el trabajo\t\t\t\t\t\t\t\t\t\t\t\t\t\t\t\t\t\t\t\t\t\t<\/h4>\n\t\t\t\t\t\t\t\t\t\t\t\t\t\t\t\t\t\t\t\t\t\t\t\t\t\t\t\t\t\t\t<div class=\"trx-addons-info-list-description\">\n\t\t\t\t\t\t\t\t\t\t\t\tTu veh\u00edculo siempre listo para viajar.\t\t\t\t\t\t\t\t\t\t\t<\/div>\n\t\t\t\t\t\t\t\t\t\t\t\t\t\t\t\t\t\t\t\t\t\t\t\t\t\t\t\t\t\t<\/div>\n\t\t\t\t\t\t\t\t<\/div>\n\t\t\t\t\t\t\t\t\t\t\t\t\t<\/li>\n\t\t\t\t\t\t\t\t\t\t\t\t\t\t\t\t\t\t\t\t\t<li class=\"trx-addons-info-list-item\">\n\t\t\t\t\t\t\t\t\t\t\t\t\t\t\t\t\t\t\t\t\t\t<div class=\"trx-addons-info-list-item-inner\">\n\t\t\t\t\t\t\t\t\t\t\t\t<div class=\"trx-addons-info-list-icon-wrapper\">\n\t\t\t\t\t\t\t\t\t<p class=\"trx-addons-info-list-icon trx-addons-info-list-number \">\n\t\t\t\t\t\t2\t\t\t\t\t<\/p>\n\t\t\t\t\t\t\t\t<\/div>\n\t\t\t\t\t\t\t\t\t\t\t\t<div class=\"trx-addons-info-list-content-wrapper\">\n\t\t\t\t\t\t\t\t\t\t\t\t\t\t\t\t\t\t\t\t\t<h4 class=\"trx-addons-info-list-title\">\n\t\t\t\t\t\t\t\t\t\t\t\t\t\t\t\t\t\t\t\t\t\t\tAhorro frente a cargas p\u00fablicas\t\t\t\t\t\t\t\t\t\t\t\t\t\t\t\t\t\t\t\t\t\t<\/h4>\n\t\t\t\t\t\t\t\t\t\t\t\t\t\t\t\t\t\t\t\t\t\t\t\t\t\t\t\t\t\t\t<div class=\"trx-addons-info-list-description\">\n\t\t\t\t\t\t\t\t\t\t\t\tCargar en casa es mucho m\u00e1s econ\u00f3mico.\t\t\t\t\t\t\t\t\t\t\t<\/div>\n\t\t\t\t\t\t\t\t\t\t\t\t\t\t\t\t\t\t\t\t\t\t\t\t\t\t\t\t\t\t<\/div>\n\t\t\t\t\t\t\t\t<\/div>\n\t\t\t\t\t\t\t\t\t\t\t\t\t<\/li>\n\t\t\t\t\t\t\t\t\t\t\t\t\t\t\t\t\t\t\t\t\t<li class=\"trx-addons-info-list-item\">\n\t\t\t\t\t\t\t\t\t\t\t\t\t\t\t\t\t\t\t\t\t\t<div class=\"trx-addons-info-list-item-inner\">\n\t\t\t\t\t\t\t\t\t\t\t\t<div class=\"trx-addons-info-list-icon-wrapper\">\n\t\t\t\t\t\t\t\t\t<p class=\"trx-addons-info-list-icon trx-addons-info-list-number \">\n\t\t\t\t\t\t3\t\t\t\t\t<\/p>\n\t\t\t\t\t\t\t\t<\/div>\n\t\t\t\t\t\t\t\t\t\t\t\t<div class=\"trx-addons-info-list-content-wrapper\">\n\t\t\t\t\t\t\t\t\t\t\t\t\t\t\t\t\t\t\t\t\t<h4 class=\"trx-addons-info-list-title\">\n\t\t\t\t\t\t\t\t\t\t\t\t\t\t\t\t\t\t\t\t\t\t\tMayor control y seguridad en la carga\t\t\t\t\t\t\t\t\t\t\t\t\t\t\t\t\t\t\t\t\t\t<\/h4>\n\t\t\t\t\t\t\t\t\t\t\t\t\t\t\t\t\t\t\t\t\t\t\t\t\t\t\t\t\t\t\t<div class=\"trx-addons-info-list-description\">\n\t\t\t\t\t\t\t\t\t\t\t\tPuedes monitorizar las cargas desde tu m\u00f3vil.\t\t\t\t\t\t\t\t\t\t\t<\/div>\n\t\t\t\t\t\t\t\t\t\t\t\t\t\t\t\t\t\t\t\t\t\t\t\t\t\t\t\t\t\t<\/div>\n\t\t\t\t\t\t\t\t<\/div>\n\t\t\t\t\t\t\t\t\t\t\t\t\t<\/li>\n\t\t\t\t\t\t\t\t\t\t\t\t\t\t\t\t\t\t\t\t\t<li class=\"trx-addons-info-list-item\">\n\t\t\t\t\t\t\t\t\t\t\t\t\t\t\t\t\t\t\t\t\t\t<div class=\"trx-addons-info-list-item-inner\">\n\t\t\t\t\t\t\t\t\t\t\t\t<div class=\"trx-addons-info-list-icon-wrapper\">\n\t\t\t\t\t\t\t\t\t<p class=\"trx-addons-info-list-icon trx-addons-info-list-number \">\n\t\t\t\t\t\t4\t\t\t\t\t<\/p>\n\t\t\t\t\t\t\t\t<\/div>\n\t\t\t\t\t\t\t\t\t\t\t\t<div class=\"trx-addons-info-list-content-wrapper\">\n\t\t\t\t\t\t\t\t\t\t\t\t\t\t\t\t\t\t\t\t\t<h4 class=\"trx-addons-info-list-title\">\n\t\t\t\t\t\t\t\t\t\t\t\t\t\t\t\t\t\t\t\t\t\t\tInstalaci\u00f3n adaptada a la potencia disponible\t\t\t\t\t\t\t\t\t\t\t\t\t\t\t\t\t\t\t\t\t\t<\/h4>\n\t\t\t\t\t\t\t\t\t\t\t\t\t\t\t\t\t\t\t\t\t\t\t\t\t\t\t\t\t\t\t<div class=\"trx-addons-info-list-description\">\n\t\t\t\t\t\t\t\t\t\t\t\tCargador adaptado a la potencia de tu hogar.\t\t\t\t\t\t\t\t\t\t\t<\/div>\n\t\t\t\t\t\t\t\t\t\t\t\t\t\t\t\t\t\t\t\t\t\t\t\t\t\t\t\t\t\t<\/div>\n\t\t\t\t\t\t\t\t<\/div>\n\t\t\t\t\t\t\t\t\t\t\t\t\t<\/li>\n\t\t\t\t\t\t\t\t\t\t\t\t\t<\/ul>\n\t\t<\/div>\n\t\t\t\t\t\t<\/div>\n\t\t\t\t<\/div>\n\t\t\t\t<\/div>\n\t\t<div class=\"elementor-element elementor-element-7e6257c e-con-full e-flex sc_layouts_column_icons_position_left e-con e-child\" data-id=\"7e6257c\" data-element_type=\"container\" data-e-type=\"container\">\n\t\t\t\t<div data-animation-type=\"block\" class=\"elementor-element elementor-element-daa2c71 animation_type_block sc_fly_static elementor-invisible elementor-widget elementor-widget-image\" data-id=\"daa2c71\" data-element_type=\"widget\" data-e-type=\"widget\" data-settings=\"{&quot;_animation&quot;:&quot;ta_fadeinup&quot;}\" data-widget_type=\"image.default\">\n\t\t\t\t<div class=\"elementor-widget-container\">\n\t\t\t\t\t\t\t\t\t\t\t\t\t\t\t<img fetchpriority=\"high\" decoding=\"async\" width=\"600\" height=\"600\" src=\"https:\/\/enertek.eus\/wp-content\/uploads\/cargador-coche-electrico-1.jpg\" class=\"attachment-full size-full wp-image-3872\" alt=\"\" srcset=\"https:\/\/enertek.eus\/wp-content\/uploads\/cargador-coche-electrico-1.jpg 600w, https:\/\/enertek.eus\/wp-content\/uploads\/cargador-coche-electrico-1-300x300.jpg 300w, https:\/\/enertek.eus\/wp-content\/uploads\/cargador-coche-electrico-1-150x150.jpg 150w, https:\/\/enertek.eus\/wp-content\/uploads\/cargador-coche-electrico-1-370x370.jpg 370w, https:\/\/enertek.eus\/wp-content\/uploads\/cargador-coche-electrico-1-90x90.jpg 90w, https:\/\/enertek.eus\/wp-content\/uploads\/cargador-coche-electrico-1-410x410.jpg 410w\" sizes=\"(max-width: 767px) 100vw, 600px\" \/>\t\t\t\t\t\t\t\t\t\t\t\t\t\t\t<\/div>\n\t\t\t\t<\/div>\n\t\t\t\t<\/div>\n\t\t\t\t<\/div>\n\t\t\t\t<div data-animation-type=\"block\" class=\"elementor-element elementor-element-d3a9779 animation_type_block sc_fly_static elementor-invisible elementor-widget elementor-widget-heading\" data-id=\"d3a9779\" data-element_type=\"widget\" data-e-type=\"widget\" data-settings=\"{&quot;_animation&quot;:&quot;ta_fadeinup&quot;}\" data-widget_type=\"heading.default\">\n\t\t\t\t<div class=\"elementor-widget-container\">\n\t\t\t\t\t<p class=\"elementor-heading-title elementor-size-default\">Impulsa la movilidad sostenible con un cargador el\u00e9ctrico en tu hogar o negocio.<\/br><br>Contacte con ENERTEK para una instalaci\u00f3n segura y eficiente.<br> <br> <br><br> <br> <br> <br> <br> <br><br> <br> <br> <br> <br> <br> <br> <br> <br><\/p>\t\t\t\t<\/div>\n\t\t\t\t<\/div>\n\t\t\t\t\t<\/div>\n\t\t\t\t<\/div>\n\t\t<div class=\"elementor-element elementor-element-c287043 e-flex e-con-boxed sc_layouts_column_icons_position_left e-con e-parent\" data-id=\"c287043\" data-element_type=\"container\" data-e-type=\"container\" data-settings=\"{&quot;background_background&quot;:&quot;classic&quot;}\">\n\t\t\t\t\t<div class=\"e-con-inner\">\n\t\t\t\t<div data-animation-type=\"block\" class=\"elementor-element elementor-element-240df00 animation_type_block sc_fly_static elementor-invisible elementor-widget elementor-widget-heading\" data-id=\"240df00\" data-element_type=\"widget\" data-e-type=\"widget\" data-settings=\"{&quot;_animation&quot;:&quot;ta_fadeinup&quot;}\" data-widget_type=\"heading.default\">\n\t\t\t\t<div class=\"elementor-widget-container\">\n\t\t\t\t\t<h2 class=\"elementor-heading-title elementor-size-default\">Resolvemos tus dudas.<\/h2>\t\t\t\t<\/div>\n\t\t\t\t<\/div>\n\t\t\t\t<div data-animation-type=\"block\" class=\"elementor-element elementor-element-cdb8d05 animation_type_block sc_fly_static elementor-invisible elementor-widget elementor-widget-heading\" data-id=\"cdb8d05\" data-element_type=\"widget\" data-e-type=\"widget\" data-settings=\"{&quot;_animation&quot;:&quot;ta_fadeinup&quot;,&quot;_animation_delay&quot;:100}\" data-widget_type=\"heading.default\">\n\t\t\t\t<div class=\"elementor-widget-container\">\n\t\t\t\t\t<h3 class=\"elementor-heading-title elementor-size-default\">Preguntas frecuentes sobre cargadores el\u00e9ctricos<\/h3>\t\t\t\t<\/div>\n\t\t\t\t<\/div>\n\t\t\t\t<div data-animation-type=\"block\" class=\"elementor-element elementor-element-36d917b animation_type_block sc_fly_static elementor-invisible elementor-widget elementor-widget-trx_elm_accordion\" data-id=\"36d917b\" data-element_type=\"widget\" data-e-type=\"widget\" data-settings=\"{&quot;_animation&quot;:&quot;ta_fadeinup&quot;,&quot;_animation_delay&quot;:200,&quot;accordion_type&quot;:&quot;accordion&quot;,&quot;toggle_speed&quot;:300}\" data-widget_type=\"trx_elm_accordion.default\">\n\t\t\t\t<div class=\"elementor-widget-container\">\n\t\t\t\t\t\t\t<div class=\"trx-addons-accordion trx-addons-toggle-icon-align-right trx-addons-accordion-show-numbers\" id=\"trx-addons-accordion-36d917b\" data-accordion-id=\"36d917b\" role=\"tablist\">\n\t\t\t\t\t\t\t<div class=\"trx-addons-accordion-item\">\n\t\t\t\t\t\t\t\t\t\t<h4 id=\"trx-addons-accordion-tab-title-5751\" class=\"trx-addons-accordion-tab-title\" tabindex=\"0\" data-tab=\"1\" role=\"tab\" aria-controls=\"trx-addons-accordion-tab-content-5751\" aria-expanded=\"false\">\n\t\t\t\t\t\t\t\t\t\t\t\t\t<span class=\"trx-addons-accordion-title-number\">\n\t\t\t\t\t\t\t\t<span class=\"trx-addons-accordion-title-number-text\">01<\/span>\n\t\t\t\t\t\t\t<\/span>\n\t\t\t\t\t\t\t\t\t\t\t\t<span class=\"trx-addons-accordion-title-icon\">\n\t\t\t\t\t\t\t\t\t\t\t\t\t\t<span class=\"trx-addons-accordion-title-text\">\n\t\t\t\t\t\t\t\t\u00bfQu\u00e9 tipo de cargador necesito para mi coche el\u00e9ctrico?\t\t\t\t\t\t\t<\/span>\n\t\t\t\t\t\t<\/span>\n\t\t\t\t\t\t\t\t\t\t\t\t\t<span class=\"trx-addons-accordion-toggle-icon\">\n\t\t\t\t\t\t\t\t\t\t\t\t\t\t\t\t\t<span class='trx-addons-accordion-toggle-icon-close trx-addons-icon'>\n\t\t\t\t\t\t\t\t\t\t<svg xmlns=\"http:\/\/www.w3.org\/2000\/svg\" viewBox=\"0 0 11 11\"><path d=\"M4.8,4.8V0h1.3v4.8H11v1.3H6.2V11H4.8V6.2H0V4.8H4.8z\"><\/path><\/svg>\t\t\t\t\t\t\t\t\t<\/span>\n\t\t\t\t\t\t\t\t\t\t\t\t\t\t\t\t\t\t\t\t\t\t\t\t\t<span class='trx-addons-accordion-toggle-icon-open trx-addons-icon'>\n\t\t\t\t\t\t\t\t\t\t<svg xmlns=\"http:\/\/www.w3.org\/2000\/svg\" viewBox=\"0 0 11 11\"><path d=\"M0,4.8l11,0v1.3H0L0,4.8z\"><\/path><\/svg>\t\t\t\t\t\t\t\t\t<\/span>\n\t\t\t\t\t\t\t\t\t\t\t\t\t\t\t<\/span>\n\t\t\t\t\t\t\t\t\t\t\t<\/h4>\n\n\t\t\t\t\t<div id=\"trx-addons-accordion-tab-content-5751\" class=\"trx-addons-accordion-tab-content\" data-tab=\"1\" role=\"tabpanel\" aria-labelledby=\"trx-addons-accordion-tab-title-5751\">\n\t\t\t\t\t\t<p>Depende del modelo de veh\u00edculo y del uso que se le d\u00e9. Te ayudamos a elegir entre cargadores monof\u00e1sicos, trif\u00e1sicos o con control inteligente.<\/p>\n\t\t\t\t\t<\/div>\n\t\t\t\t<\/div>\n\t\t\t\t\t\t\t<div class=\"trx-addons-accordion-item trx-addons-accordion-item-active\">\n\t\t\t\t\t\t\t\t\t\t<h4 id=\"trx-addons-accordion-tab-title-5752\" class=\"trx-addons-accordion-tab-title trx-addons-accordion-tab-active-default\" tabindex=\"0\" data-tab=\"2\" role=\"tab\" aria-controls=\"trx-addons-accordion-tab-content-5752\" aria-expanded=\"true\">\n\t\t\t\t\t\t\t\t\t\t\t\t\t<span class=\"trx-addons-accordion-title-number\">\n\t\t\t\t\t\t\t\t<span class=\"trx-addons-accordion-title-number-text\">02<\/span>\n\t\t\t\t\t\t\t<\/span>\n\t\t\t\t\t\t\t\t\t\t\t\t<span class=\"trx-addons-accordion-title-icon\">\n\t\t\t\t\t\t\t\t\t\t\t\t\t\t<span class=\"trx-addons-accordion-title-text\">\n\t\t\t\t\t\t\t\t\u00bfCu\u00e1nto tarda en cargarse un coche el\u00e9ctrico en casa?\t\t\t\t\t\t\t<\/span>\n\t\t\t\t\t\t<\/span>\n\t\t\t\t\t\t\t\t\t\t\t\t\t<span class=\"trx-addons-accordion-toggle-icon\">\n\t\t\t\t\t\t\t\t\t\t\t\t\t\t\t\t\t<span class='trx-addons-accordion-toggle-icon-close trx-addons-icon'>\n\t\t\t\t\t\t\t\t\t\t<svg xmlns=\"http:\/\/www.w3.org\/2000\/svg\" viewBox=\"0 0 11 11\"><path d=\"M4.8,4.8V0h1.3v4.8H11v1.3H6.2V11H4.8V6.2H0V4.8H4.8z\"><\/path><\/svg>\t\t\t\t\t\t\t\t\t<\/span>\n\t\t\t\t\t\t\t\t\t\t\t\t\t\t\t\t\t\t\t\t\t\t\t\t\t<span class='trx-addons-accordion-toggle-icon-open trx-addons-icon'>\n\t\t\t\t\t\t\t\t\t\t<svg xmlns=\"http:\/\/www.w3.org\/2000\/svg\" viewBox=\"0 0 11 11\"><path d=\"M0,4.8l11,0v1.3H0L0,4.8z\"><\/path><\/svg>\t\t\t\t\t\t\t\t\t<\/span>\n\t\t\t\t\t\t\t\t\t\t\t\t\t\t\t<\/span>\n\t\t\t\t\t\t\t\t\t\t\t<\/h4>\n\n\t\t\t\t\t<div id=\"trx-addons-accordion-tab-content-5752\" class=\"trx-addons-accordion-tab-content trx-addons-accordion-tab-active-default\" data-tab=\"2\" role=\"tabpanel\" aria-labelledby=\"trx-addons-accordion-tab-title-5752\">\n\t\t\t\t\t\t<p>Con un cargador de 7,4 kW, una bater\u00eda de 40 kWh se carga en unas 5-6 horas aproximadamente.<\/p>\n\t\t\t\t\t<\/div>\n\t\t\t\t<\/div>\n\t\t\t\t\t\t\t<div class=\"trx-addons-accordion-item\">\n\t\t\t\t\t\t\t\t\t\t<h4 id=\"trx-addons-accordion-tab-title-5753\" class=\"trx-addons-accordion-tab-title\" tabindex=\"0\" data-tab=\"3\" role=\"tab\" aria-controls=\"trx-addons-accordion-tab-content-5753\" aria-expanded=\"false\">\n\t\t\t\t\t\t\t\t\t\t\t\t\t<span class=\"trx-addons-accordion-title-number\">\n\t\t\t\t\t\t\t\t<span class=\"trx-addons-accordion-title-number-text\">03<\/span>\n\t\t\t\t\t\t\t<\/span>\n\t\t\t\t\t\t\t\t\t\t\t\t<span class=\"trx-addons-accordion-title-icon\">\n\t\t\t\t\t\t\t\t\t\t\t\t\t\t<span class=\"trx-addons-accordion-title-text\">\n\t\t\t\t\t\t\t\t\u00bfSe puede cargar un coche el\u00e9ctrico con paneles solares?\t\t\t\t\t\t\t<\/span>\n\t\t\t\t\t\t<\/span>\n\t\t\t\t\t\t\t\t\t\t\t\t\t<span class=\"trx-addons-accordion-toggle-icon\">\n\t\t\t\t\t\t\t\t\t\t\t\t\t\t\t\t\t<span class='trx-addons-accordion-toggle-icon-close trx-addons-icon'>\n\t\t\t\t\t\t\t\t\t\t<svg xmlns=\"http:\/\/www.w3.org\/2000\/svg\" viewBox=\"0 0 11 11\"><path d=\"M4.8,4.8V0h1.3v4.8H11v1.3H6.2V11H4.8V6.2H0V4.8H4.8z\"><\/path><\/svg>\t\t\t\t\t\t\t\t\t<\/span>\n\t\t\t\t\t\t\t\t\t\t\t\t\t\t\t\t\t\t\t\t\t\t\t\t\t<span class='trx-addons-accordion-toggle-icon-open trx-addons-icon'>\n\t\t\t\t\t\t\t\t\t\t<svg xmlns=\"http:\/\/www.w3.org\/2000\/svg\" viewBox=\"0 0 11 11\"><path d=\"M0,4.8l11,0v1.3H0L0,4.8z\"><\/path><\/svg>\t\t\t\t\t\t\t\t\t<\/span>\n\t\t\t\t\t\t\t\t\t\t\t\t\t\t\t<\/span>\n\t\t\t\t\t\t\t\t\t\t\t<\/h4>\n\n\t\t\t\t\t<div id=\"trx-addons-accordion-tab-content-5753\" class=\"trx-addons-accordion-tab-content\" data-tab=\"3\" role=\"tabpanel\" aria-labelledby=\"trx-addons-accordion-tab-title-5753\">\n\t\t\t\t\t\t<p>S\u00ed, es posible integrarlo con una instalaci\u00f3n solar para cargar directamente con energ\u00eda renovable.<\/p>\n\t\t\t\t\t<\/div>\n\t\t\t\t<\/div>\n\t\t\t\t\t<\/div>\n\t\t\t\t\t\t<\/div>\n\t\t\t\t<\/div>\n\t\t\t\t\t<\/div>\n\t\t\t\t<\/div>\n\t\t\t\t<\/div>\n\t\t","protected":false},"excerpt":{"rendered":"<p>CARGADOR DE COCHE EL\u00c9CTRICO Instalaci\u00f3n y mantenimiento Carga tu veh\u00edculo en casa o&hellip;<\/p>\n","protected":false},"author":1,"featured_media":0,"parent":3951,"menu_order":0,"comment_status":"closed","ping_status":"closed","template":"","meta":{"footnotes":""},"class_list":["post-3932","page","type-page","status-publish","hentry"],"yoast_head":"<!-- This site is optimized with the Yoast SEO plugin v27.4 - https:\/\/yoast.com\/product\/yoast-seo-wordpress\/ -->\n<title>CARGADOR DE COCHE EL\u00c9CTRICO - Enertek<\/title>\n<meta name=\"robots\" content=\"index, follow, max-snippet:-1, max-image-preview:large, max-video-preview:-1\" \/>\n<link rel=\"canonical\" href=\"https:\/\/enertek.eus\/es\/servicios\/cargador-de-coche-electrico\/\" \/>\n<meta property=\"og:locale\" content=\"es_ES\" \/>\n<meta property=\"og:type\" content=\"article\" \/>\n<meta property=\"og:title\" content=\"CARGADOR DE COCHE EL\u00c9CTRICO - Enertek\" \/>\n<meta property=\"og:description\" content=\"CARGADOR DE COCHE EL\u00c9CTRICO Instalaci\u00f3n y mantenimiento Carga tu veh\u00edculo en casa o&hellip;\" \/>\n<meta property=\"og:url\" content=\"https:\/\/enertek.eus\/es\/servicios\/cargador-de-coche-electrico\/\" \/>\n<meta property=\"og:site_name\" content=\"Enertek\" \/>\n<meta property=\"article:modified_time\" content=\"2025-10-22T12:39:59+00:00\" \/>\n<meta property=\"og:image\" content=\"https:\/\/enertek.eus\/wp-content\/uploads\/cargador-coche-electrico-1.jpg\" \/>\n\t<meta property=\"og:image:width\" content=\"600\" \/>\n\t<meta property=\"og:image:height\" content=\"600\" \/>\n\t<meta property=\"og:image:type\" content=\"image\/jpeg\" \/>\n<meta name=\"twitter:card\" content=\"summary_large_image\" \/>\n<meta name=\"twitter:label1\" content=\"Tiempo de lectura\" \/>\n\t<meta name=\"twitter:data1\" content=\"1 minuto\" \/>\n<script type=\"application\/ld+json\" class=\"yoast-schema-graph\">{\"@context\":\"https:\\\/\\\/schema.org\",\"@graph\":[{\"@type\":\"WebPage\",\"@id\":\"https:\\\/\\\/enertek.eus\\\/es\\\/servicios\\\/cargador-de-coche-electrico\\\/\",\"url\":\"https:\\\/\\\/enertek.eus\\\/es\\\/servicios\\\/cargador-de-coche-electrico\\\/\",\"name\":\"CARGADOR DE COCHE EL\u00c9CTRICO - Enertek\",\"isPartOf\":{\"@id\":\"https:\\\/\\\/enertek.eus\\\/es\\\/#website\"},\"primaryImageOfPage\":{\"@id\":\"https:\\\/\\\/enertek.eus\\\/es\\\/servicios\\\/cargador-de-coche-electrico\\\/#primaryimage\"},\"image\":{\"@id\":\"https:\\\/\\\/enertek.eus\\\/es\\\/servicios\\\/cargador-de-coche-electrico\\\/#primaryimage\"},\"thumbnailUrl\":\"https:\\\/\\\/enertek.eus\\\/wp-content\\\/uploads\\\/cargador-coche-electrico-1.jpg\",\"datePublished\":\"2025-05-05T13:37:17+00:00\",\"dateModified\":\"2025-10-22T12:39:59+00:00\",\"breadcrumb\":{\"@id\":\"https:\\\/\\\/enertek.eus\\\/es\\\/servicios\\\/cargador-de-coche-electrico\\\/#breadcrumb\"},\"inLanguage\":\"es\",\"potentialAction\":[{\"@type\":\"ReadAction\",\"target\":[\"https:\\\/\\\/enertek.eus\\\/es\\\/servicios\\\/cargador-de-coche-electrico\\\/\"]}]},{\"@type\":\"ImageObject\",\"inLanguage\":\"es\",\"@id\":\"https:\\\/\\\/enertek.eus\\\/es\\\/servicios\\\/cargador-de-coche-electrico\\\/#primaryimage\",\"url\":\"https:\\\/\\\/enertek.eus\\\/wp-content\\\/uploads\\\/cargador-coche-electrico-1.jpg\",\"contentUrl\":\"https:\\\/\\\/enertek.eus\\\/wp-content\\\/uploads\\\/cargador-coche-electrico-1.jpg\"},{\"@type\":\"BreadcrumbList\",\"@id\":\"https:\\\/\\\/enertek.eus\\\/es\\\/servicios\\\/cargador-de-coche-electrico\\\/#breadcrumb\",\"itemListElement\":[{\"@type\":\"ListItem\",\"position\":1,\"name\":\"Portada\",\"item\":\"https:\\\/\\\/enertek.eus\\\/es\\\/\"},{\"@type\":\"ListItem\",\"position\":2,\"name\":\"Servicios\",\"item\":\"https:\\\/\\\/enertek.eus\\\/es\\\/servicios\\\/\"},{\"@type\":\"ListItem\",\"position\":3,\"name\":\"CARGADOR DE COCHE EL\u00c9CTRICO\"}]},{\"@type\":\"WebSite\",\"@id\":\"https:\\\/\\\/enertek.eus\\\/es\\\/#website\",\"url\":\"https:\\\/\\\/enertek.eus\\\/es\\\/\",\"name\":\"Enertek\",\"description\":\"Climatizaci\u00f3n y Renovables\",\"publisher\":{\"@id\":\"https:\\\/\\\/enertek.eus\\\/es\\\/#organization\"},\"potentialAction\":[{\"@type\":\"SearchAction\",\"target\":{\"@type\":\"EntryPoint\",\"urlTemplate\":\"https:\\\/\\\/enertek.eus\\\/es\\\/?s={search_term_string}\"},\"query-input\":{\"@type\":\"PropertyValueSpecification\",\"valueRequired\":true,\"valueName\":\"search_term_string\"}}],\"inLanguage\":\"es\"},{\"@type\":\"Organization\",\"@id\":\"https:\\\/\\\/enertek.eus\\\/es\\\/#organization\",\"name\":\"Enertek\",\"url\":\"https:\\\/\\\/enertek.eus\\\/es\\\/\",\"logo\":{\"@type\":\"ImageObject\",\"inLanguage\":\"es\",\"@id\":\"https:\\\/\\\/enertek.eus\\\/es\\\/#\\\/schema\\\/logo\\\/image\\\/\",\"url\":\"https:\\\/\\\/enertek.eus\\\/wp-content\\\/uploads\\\/Enertek-logo.png\",\"contentUrl\":\"https:\\\/\\\/enertek.eus\\\/wp-content\\\/uploads\\\/Enertek-logo.png\",\"width\":300,\"height\":66,\"caption\":\"Enertek\"},\"image\":{\"@id\":\"https:\\\/\\\/enertek.eus\\\/es\\\/#\\\/schema\\\/logo\\\/image\\\/\"}}]}<\/script>\n<!-- \/ Yoast SEO plugin. -->","yoast_head_json":{"title":"CARGADOR DE COCHE EL\u00c9CTRICO - Enertek","robots":{"index":"index","follow":"follow","max-snippet":"max-snippet:-1","max-image-preview":"max-image-preview:large","max-video-preview":"max-video-preview:-1"},"canonical":"https:\/\/enertek.eus\/es\/servicios\/cargador-de-coche-electrico\/","og_locale":"es_ES","og_type":"article","og_title":"CARGADOR DE COCHE EL\u00c9CTRICO - Enertek","og_description":"CARGADOR DE COCHE EL\u00c9CTRICO Instalaci\u00f3n y mantenimiento Carga tu veh\u00edculo en casa o&hellip;","og_url":"https:\/\/enertek.eus\/es\/servicios\/cargador-de-coche-electrico\/","og_site_name":"Enertek","article_modified_time":"2025-10-22T12:39:59+00:00","og_image":[{"width":600,"height":600,"url":"https:\/\/enertek.eus\/wp-content\/uploads\/cargador-coche-electrico-1.jpg","type":"image\/jpeg"}],"twitter_card":"summary_large_image","twitter_misc":{"Tiempo de lectura":"1 minuto"},"schema":{"@context":"https:\/\/schema.org","@graph":[{"@type":"WebPage","@id":"https:\/\/enertek.eus\/es\/servicios\/cargador-de-coche-electrico\/","url":"https:\/\/enertek.eus\/es\/servicios\/cargador-de-coche-electrico\/","name":"CARGADOR DE COCHE EL\u00c9CTRICO - Enertek","isPartOf":{"@id":"https:\/\/enertek.eus\/es\/#website"},"primaryImageOfPage":{"@id":"https:\/\/enertek.eus\/es\/servicios\/cargador-de-coche-electrico\/#primaryimage"},"image":{"@id":"https:\/\/enertek.eus\/es\/servicios\/cargador-de-coche-electrico\/#primaryimage"},"thumbnailUrl":"https:\/\/enertek.eus\/wp-content\/uploads\/cargador-coche-electrico-1.jpg","datePublished":"2025-05-05T13:37:17+00:00","dateModified":"2025-10-22T12:39:59+00:00","breadcrumb":{"@id":"https:\/\/enertek.eus\/es\/servicios\/cargador-de-coche-electrico\/#breadcrumb"},"inLanguage":"es","potentialAction":[{"@type":"ReadAction","target":["https:\/\/enertek.eus\/es\/servicios\/cargador-de-coche-electrico\/"]}]},{"@type":"ImageObject","inLanguage":"es","@id":"https:\/\/enertek.eus\/es\/servicios\/cargador-de-coche-electrico\/#primaryimage","url":"https:\/\/enertek.eus\/wp-content\/uploads\/cargador-coche-electrico-1.jpg","contentUrl":"https:\/\/enertek.eus\/wp-content\/uploads\/cargador-coche-electrico-1.jpg"},{"@type":"BreadcrumbList","@id":"https:\/\/enertek.eus\/es\/servicios\/cargador-de-coche-electrico\/#breadcrumb","itemListElement":[{"@type":"ListItem","position":1,"name":"Portada","item":"https:\/\/enertek.eus\/es\/"},{"@type":"ListItem","position":2,"name":"Servicios","item":"https:\/\/enertek.eus\/es\/servicios\/"},{"@type":"ListItem","position":3,"name":"CARGADOR DE COCHE EL\u00c9CTRICO"}]},{"@type":"WebSite","@id":"https:\/\/enertek.eus\/es\/#website","url":"https:\/\/enertek.eus\/es\/","name":"Enertek","description":"Climatizaci\u00f3n y Renovables","publisher":{"@id":"https:\/\/enertek.eus\/es\/#organization"},"potentialAction":[{"@type":"SearchAction","target":{"@type":"EntryPoint","urlTemplate":"https:\/\/enertek.eus\/es\/?s={search_term_string}"},"query-input":{"@type":"PropertyValueSpecification","valueRequired":true,"valueName":"search_term_string"}}],"inLanguage":"es"},{"@type":"Organization","@id":"https:\/\/enertek.eus\/es\/#organization","name":"Enertek","url":"https:\/\/enertek.eus\/es\/","logo":{"@type":"ImageObject","inLanguage":"es","@id":"https:\/\/enertek.eus\/es\/#\/schema\/logo\/image\/","url":"https:\/\/enertek.eus\/wp-content\/uploads\/Enertek-logo.png","contentUrl":"https:\/\/enertek.eus\/wp-content\/uploads\/Enertek-logo.png","width":300,"height":66,"caption":"Enertek"},"image":{"@id":"https:\/\/enertek.eus\/es\/#\/schema\/logo\/image\/"}}]}},"_links":{"self":[{"href":"https:\/\/enertek.eus\/es\/wp-json\/wp\/v2\/pages\/3932","targetHints":{"allow":["GET"]}}],"collection":[{"href":"https:\/\/enertek.eus\/es\/wp-json\/wp\/v2\/pages"}],"about":[{"href":"https:\/\/enertek.eus\/es\/wp-json\/wp\/v2\/types\/page"}],"author":[{"embeddable":true,"href":"https:\/\/enertek.eus\/es\/wp-json\/wp\/v2\/users\/1"}],"replies":[{"embeddable":true,"href":"https:\/\/enertek.eus\/es\/wp-json\/wp\/v2\/comments?post=3932"}],"version-history":[{"count":3,"href":"https:\/\/enertek.eus\/es\/wp-json\/wp\/v2\/pages\/3932\/revisions"}],"predecessor-version":[{"id":4416,"href":"https:\/\/enertek.eus\/es\/wp-json\/wp\/v2\/pages\/3932\/revisions\/4416"}],"up":[{"embeddable":true,"href":"https:\/\/enertek.eus\/es\/wp-json\/wp\/v2\/pages\/3951"}],"wp:attachment":[{"href":"https:\/\/enertek.eus\/es\/wp-json\/wp\/v2\/media?parent=3932"}],"curies":[{"name":"wp","href":"https:\/\/api.w.org\/{rel}","templated":true}]}}