{"id":3927,"date":"2025-05-05T13:36:57","date_gmt":"2025-05-05T13:36:57","guid":{"rendered":"https:\/\/enertek.eus\/aire-acondicionado\/"},"modified":"2025-10-22T12:51:35","modified_gmt":"2025-10-22T12:51:35","slug":"aire-acondicionado","status":"publish","type":"page","link":"https:\/\/enertek.eus\/es\/servicios\/aire-acondicionado\/","title":{"rendered":"Aire acondicionado"},"content":{"rendered":"\t\t<div data-elementor-type=\"wp-page\" data-elementor-id=\"3927\" class=\"elementor elementor-3927 elementor-3649\">\n\t\t\t\t<div class=\"elementor-element elementor-element-575003b e-flex e-con-boxed sc_layouts_column_icons_position_left e-con e-parent\" data-id=\"575003b\" data-element_type=\"container\" data-e-type=\"container\">\n\t\t\t\t\t<div class=\"e-con-inner\">\n\t\t\t\t<div data-animation-type=\"block\" class=\"elementor-element elementor-element-fbfbd1f animation_type_block sc_fly_static elementor-invisible elementor-widget elementor-widget-heading\" data-id=\"fbfbd1f\" data-element_type=\"widget\" data-e-type=\"widget\" data-settings=\"{&quot;_animation&quot;:&quot;ta_fadeinup&quot;,&quot;_animation_delay&quot;:100}\" data-widget_type=\"heading.default\">\n\t\t\t\t<div class=\"elementor-widget-container\">\n\t\t\t\t\t<h1 class=\"elementor-heading-title elementor-size-default\">AIRE ACONDICIONADO<\/h1>\t\t\t\t<\/div>\n\t\t\t\t<\/div>\n\t\t\t\t<div data-animation-type=\"block\" class=\"elementor-element elementor-element-32070cf animation_type_block sc_fly_static elementor-invisible elementor-widget elementor-widget-heading\" data-id=\"32070cf\" data-element_type=\"widget\" data-e-type=\"widget\" data-settings=\"{&quot;_animation&quot;:&quot;ta_fadeinup&quot;}\" data-widget_type=\"heading.default\">\n\t\t\t\t<div class=\"elementor-widget-container\">\n\t\t\t\t\t<h2 class=\"elementor-heading-title elementor-size-default\">Instalaci\u00f3n y mantenimiento<\/h2>\t\t\t\t<\/div>\n\t\t\t\t<\/div>\n\t\t<div class=\"elementor-element elementor-element-00a02e9 e-con-full e-flex sc_layouts_column_icons_position_left e-con e-child\" data-id=\"00a02e9\" data-element_type=\"container\" data-e-type=\"container\">\n\t\t<div class=\"e-con-gap-no elementor-element elementor-element-cc40308 e-con-full e-flex sc_layouts_column_icons_position_left animation_type_block elementor-invisible e-con e-child\" data-animation-type=\"block\" data-id=\"cc40308\" data-element_type=\"container\" data-e-type=\"container\" data-settings=\"{&quot;animation&quot;:&quot;ta_fadeinup&quot;,&quot;background_background&quot;:&quot;classic&quot;}\">\n\t\t\t\t<\/div>\n\t\t<div data-animation-type=\"block\" class=\"elementor-element elementor-element-e767360 e-con-full e-flex sc_layouts_column_icons_position_left animation_type_block elementor-invisible e-con e-child\" data-id=\"e767360\" data-element_type=\"container\" data-e-type=\"container\" data-settings=\"{&quot;animation&quot;:&quot;ta_fadeinup&quot;,&quot;animation_delay&quot;:200}\">\n\t\t\t\t<div data-animation-type=\"line\" data-animation-stagger=\"80\" class=\"elementor-element elementor-element-e5ab228 elementor-widget__width-initial animation_type_line sc_fly_static elementor-invisible elementor-widget elementor-widget-heading\" data-id=\"e5ab228\" data-element_type=\"widget\" data-e-type=\"widget\" data-settings=\"{&quot;_animation&quot;:&quot;ta_fadeinup&quot;}\" data-widget_type=\"heading.default\">\n\t\t\t\t<div class=\"elementor-widget-container\">\n\t\t\t\t\t<h3 class=\"elementor-heading-title elementor-size-default\">Comodidad en cualquier \u00e9poca del a\u00f1o<\/h3>\t\t\t\t<\/div>\n\t\t\t\t<\/div>\n\t\t\t\t<div data-animation-type=\"block\" class=\"elementor-element elementor-element-a2f9000 elementor-widget__width-initial animation_type_block sc_fly_static elementor-invisible elementor-widget elementor-widget-text-editor\" data-id=\"a2f9000\" data-element_type=\"widget\" data-e-type=\"widget\" data-settings=\"{&quot;_animation&quot;:&quot;ta_fadeinup&quot;}\" data-widget_type=\"text-editor.default\">\n\t\t\t\t<div class=\"elementor-widget-container\">\n\t\t\t\t\t\t\t\t\t<p>En ENERTEK instalamos sistemas de climatizaci\u00f3n eficientes , adaptados a cada espacio, tanto en viviendas como en locales comerciales. Apostamos por tecnolog\u00edas inverter que ofrecen el m\u00e1ximo confort con un bajo consumo energ\u00e9tico. <\/p>\t\t\t\t\t\t\t\t<\/div>\n\t\t\t\t<\/div>\n\t\t\t\t<div data-animation-type=\"block\" class=\"elementor-element elementor-element-375a54e animation_type_block sc_fly_static elementor-invisible elementor-widget elementor-widget-button\" data-id=\"375a54e\" data-element_type=\"widget\" data-e-type=\"widget\" data-settings=\"{&quot;_animation&quot;:&quot;ta_fadeinup&quot;}\" data-widget_type=\"button.default\">\n\t\t\t\t<div class=\"elementor-widget-container\">\n\t\t\t\t\t\t\t\t\t<div class=\"elementor-button-wrapper\">\n\t\t\t\t\t<a class=\"elementor-button elementor-button-link elementor-size-sm\" href=\"https:\/\/enertek.eus\/contacto\">\n\t\t\t\t\t\t<span class=\"elementor-button-content-wrapper\">\n\t\t\t\t\t\t\t\t\t<span class=\"elementor-button-text\">Solicitar presupuesto<\/span>\n\t\t\t\t\t<\/span>\n\t\t\t\t\t<\/a>\n\t\t\t\t<\/div>\n\t\t\t\t\t\t\t\t<\/div>\n\t\t\t\t<\/div>\n\t\t\t\t<\/div>\n\t\t\t\t<\/div>\n\t\t<div class=\"elementor-element elementor-element-8fcfa62 e-con-full e-flex sc_layouts_column_icons_position_left e-con e-child\" data-id=\"8fcfa62\" data-element_type=\"container\" data-e-type=\"container\" data-settings=\"{&quot;background_background&quot;:&quot;classic&quot;}\">\n\t\t<div class=\"elementor-element elementor-element-c977006 e-con-full e-flex sc_layouts_column_icons_position_left e-con e-child\" data-id=\"c977006\" data-element_type=\"container\" data-e-type=\"container\">\n\t\t\t\t<div data-animation-type=\"block\" class=\"elementor-element elementor-element-b1f85b5 animation_type_block sc_fly_static elementor-invisible elementor-widget elementor-widget-heading\" data-id=\"b1f85b5\" data-element_type=\"widget\" data-e-type=\"widget\" data-settings=\"{&quot;_animation_delay&quot;:100,&quot;_animation&quot;:&quot;ta_fadeinup&quot;}\" data-widget_type=\"heading.default\">\n\t\t\t\t<div class=\"elementor-widget-container\">\n\t\t\t\t\t<h2 class=\"elementor-heading-title elementor-size-default\">\nBeneficios del aire acondicionado\n<\/h2>\t\t\t\t<\/div>\n\t\t\t\t<\/div>\n\t\t\t\t<div data-animation-type=\"sequental\" data-animation-stagger=\"80\" class=\"elementor-element elementor-element-2ffe769 trx-addons-info-list-icon-vertical-top animation_type_sequental trx-addons-info-list-icon-left sc_fly_static elementor-invisible elementor-widget elementor-widget-trx_elm_info_list\" data-id=\"2ffe769\" data-element_type=\"widget\" data-e-type=\"widget\" data-settings=\"{&quot;_animation&quot;:&quot;ta_fadeinup&quot;,&quot;_animation_delay&quot;:100}\" data-widget_type=\"trx_elm_info_list.default\">\n\t\t\t\t<div class=\"elementor-widget-container\">\n\t\t\t\t\t\t\t<div class=\"trx-addons-info-list-container trx-addons-list-container trx-addons-info-list-connector trx-addons-info-list-corners-hide\">\n\t\t\t<ul class=\"trx-addons-list-items\">\n\t\t\t\t\t\t\t\t\t\t\t\t\t\t\t<li class=\"trx-addons-info-list-item\">\n\t\t\t\t\t\t\t\t\t\t\t\t\t\t\t\t\t\t\t\t\t\t<div class=\"trx-addons-info-list-item-inner\">\n\t\t\t\t\t\t\t\t\t\t\t\t<div class=\"trx-addons-info-list-icon-wrapper\">\n\t\t\t\t\t\t\t\t\t<p class=\"trx-addons-info-list-icon trx-addons-info-list-number \">\n\t\t\t\t\t\t1\t\t\t\t\t<\/p>\n\t\t\t\t\t\t\t\t<\/div>\n\t\t\t\t\t\t\t\t\t\t\t\t<div class=\"trx-addons-info-list-content-wrapper\">\n\t\t\t\t\t\t\t\t\t\t\t\t\t\t\t\t\t\t\t\t\t<h3 class=\"trx-addons-info-list-title\">\n\t\t\t\t\t\t\t\t\t\t\t\t\t\t\t\t\t\t\t\t\t\t\t Climatizaci\u00f3n en verano y opci\u00f3n de bomba de calor en invierno\t\t\t\t\t\t\t\t\t\t\t\t\t\t\t\t\t\t\t\t\t\t<\/h3>\n\t\t\t\t\t\t\t\t\t\t\t\t\t\t\t\t\t\t\t\t\t\t\t\t\t\t\t\t\t\t\t<div class=\"trx-addons-info-list-description\">\n\t\t\t\t\t\t\t\t\t\t\t\t\nRegulaci\u00f3n precisa de la temperatura\n\t\t\t\t\t\t\t\t\t\t\t<\/div>\n\t\t\t\t\t\t\t\t\t\t\t\t\t\t\t\t\t\t\t\t\t\t\t\t\t\t\t\t\t\t<\/div>\n\t\t\t\t\t\t\t\t<\/div>\n\t\t\t\t\t\t\t\t\t\t\t\t\t<\/li>\n\t\t\t\t\t\t\t\t\t\t\t\t\t\t\t\t\t\t\t\t\t<li class=\"trx-addons-info-list-item\">\n\t\t\t\t\t\t\t\t\t\t\t\t\t\t\t\t\t\t\t\t\t\t<div class=\"trx-addons-info-list-item-inner\">\n\t\t\t\t\t\t\t\t\t\t\t\t<div class=\"trx-addons-info-list-icon-wrapper\">\n\t\t\t\t\t\t\t\t\t<p class=\"trx-addons-info-list-icon trx-addons-info-list-number \">\n\t\t\t\t\t\t2\t\t\t\t\t<\/p>\n\t\t\t\t\t\t\t\t<\/div>\n\t\t\t\t\t\t\t\t\t\t\t\t<div class=\"trx-addons-info-list-content-wrapper\">\n\t\t\t\t\t\t\t\t\t\t\t\t\t\t\t\t\t\t\t\t\t<h3 class=\"trx-addons-info-list-title\">\n\t\t\t\t\t\t\t\t\t\t\t\t\t\t\t\t\t\t\t\t\t\t\t Elige una temperatura constante.\t\t\t\t\t\t\t\t\t\t\t\t\t\t\t\t\t\t\t\t\t\t<\/h3>\n\t\t\t\t\t\t\t\t\t\t\t\t\t\t\t\t\t\t\t\t\t\t\t\t\t\t\t\t\t\t\t<div class=\"trx-addons-info-list-description\">\n\t\t\t\t\t\t\t\t\t\t\t\tEquipos silenciosos y de bajo consumo\t\t\t\t\t\t\t\t\t\t\t<\/div>\n\t\t\t\t\t\t\t\t\t\t\t\t\t\t\t\t\t\t\t\t\t\t\t\t\t\t\t\t\t\t<\/div>\n\t\t\t\t\t\t\t\t<\/div>\n\t\t\t\t\t\t\t\t\t\t\t\t\t<\/li>\n\t\t\t\t\t\t\t\t\t\t\t\t\t\t\t\t\t\t\t\t\t<li class=\"trx-addons-info-list-item\">\n\t\t\t\t\t\t\t\t\t\t\t\t\t\t\t\t\t\t\t\t\t\t<div class=\"trx-addons-info-list-item-inner\">\n\t\t\t\t\t\t\t\t\t\t\t\t<div class=\"trx-addons-info-list-icon-wrapper\">\n\t\t\t\t\t\t\t\t\t<p class=\"trx-addons-info-list-icon trx-addons-info-list-number \">\n\t\t\t\t\t\t3\t\t\t\t\t<\/p>\n\t\t\t\t\t\t\t\t<\/div>\n\t\t\t\t\t\t\t\t\t\t\t\t<div class=\"trx-addons-info-list-content-wrapper\">\n\t\t\t\t\t\t\t\t\t\t\t\t\t\t\t\t\t\t\t\t\t<h3 class=\"trx-addons-info-list-title\">\n\t\t\t\t\t\t\t\t\t\t\t\t\t\t\t\t\t\t\t\t\t\t\t Ekipo isilak eta kontsumo txikikoak\t\t\t\t\t\t\t\t\t\t\t\t\t\t\t\t\t\t\t\t\t\t<\/h3>\n\t\t\t\t\t\t\t\t\t\t\t\t\t\t\t\t\t\t\t\t\t\t\t\t\t\t\t\t\t\t\t<div class=\"trx-addons-info-list-description\">\n\t\t\t\t\t\t\t\t\t\t\t\tNo notar\u00e1s que est\u00e1 encendido el aire.\t\t\t\t\t\t\t\t\t\t\t<\/div>\n\t\t\t\t\t\t\t\t\t\t\t\t\t\t\t\t\t\t\t\t\t\t\t\t\t\t\t\t\t\t<\/div>\n\t\t\t\t\t\t\t\t<\/div>\n\t\t\t\t\t\t\t\t\t\t\t\t\t<\/li>\n\t\t\t\t\t\t\t\t\t\t\t\t\t\t\t\t\t\t\t\t\t<li class=\"trx-addons-info-list-item\">\n\t\t\t\t\t\t\t\t\t\t\t\t\t\t\t\t\t\t\t\t\t\t<div class=\"trx-addons-info-list-item-inner\">\n\t\t\t\t\t\t\t\t\t\t\t\t<div class=\"trx-addons-info-list-icon-wrapper\">\n\t\t\t\t\t\t\t\t\t<p class=\"trx-addons-info-list-icon trx-addons-info-list-number \">\n\t\t\t\t\t\t4\t\t\t\t\t<\/p>\n\t\t\t\t\t\t\t\t<\/div>\n\t\t\t\t\t\t\t\t\t\t\t\t<div class=\"trx-addons-info-list-content-wrapper\">\n\t\t\t\t\t\t\t\t\t\t\t\t\t\t\t\t\t\t\t\t\t<h3 class=\"trx-addons-info-list-title\">\n\t\t\t\t\t\t\t\t\t\t\t\t\t\t\t\t\t\t\t\t\t\t\tInstalaciones adaptadas a cada necesidad (split, multisplit, conductos\u2026)\t\t\t\t\t\t\t\t\t\t\t\t\t\t\t\t\t\t\t\t\t\t<\/h3>\n\t\t\t\t\t\t\t\t\t\t\t\t\t\t\t\t\t\t\t\t\t\t\t\t\t\t\t\t\t\t\t<div class=\"trx-addons-info-list-description\">\n\t\t\t\t\t\t\t\t\t\t\t\tPuedes integrar tu equipo en el dise\u00f1o de tu hogar.\t\t\t\t\t\t\t\t\t\t\t<\/div>\n\t\t\t\t\t\t\t\t\t\t\t\t\t\t\t\t\t\t\t\t\t\t\t\t\t\t\t\t\t\t<\/div>\n\t\t\t\t\t\t\t\t<\/div>\n\t\t\t\t\t\t\t\t\t\t\t\t\t<\/li>\n\t\t\t\t\t\t\t\t\t\t\t\t\t<\/ul>\n\t\t<\/div>\n\t\t\t\t\t\t<\/div>\n\t\t\t\t<\/div>\n\t\t\t\t<\/div>\n\t\t<div class=\"elementor-element elementor-element-7e6257c e-con-full e-flex sc_layouts_column_icons_position_left e-con e-child\" data-id=\"7e6257c\" data-element_type=\"container\" data-e-type=\"container\">\n\t\t\t\t<div data-animation-type=\"block\" class=\"elementor-element elementor-element-daa2c71 animation_type_block sc_fly_static elementor-invisible elementor-widget elementor-widget-image\" data-id=\"daa2c71\" data-element_type=\"widget\" data-e-type=\"widget\" data-settings=\"{&quot;_animation&quot;:&quot;ta_fadeinup&quot;}\" data-widget_type=\"image.default\">\n\t\t\t\t<div class=\"elementor-widget-container\">\n\t\t\t\t\t\t\t\t\t\t\t\t\t\t\t<img fetchpriority=\"high\" decoding=\"async\" width=\"512\" height=\"512\" src=\"https:\/\/enertek.eus\/wp-content\/uploads\/instalacion-aire-acondicionado-gernika-3.jpg\" class=\"attachment-full size-full wp-image-3898\" alt=\"\" srcset=\"https:\/\/enertek.eus\/wp-content\/uploads\/instalacion-aire-acondicionado-gernika-3.jpg 512w, https:\/\/enertek.eus\/wp-content\/uploads\/instalacion-aire-acondicionado-gernika-3-300x300.jpg 300w, https:\/\/enertek.eus\/wp-content\/uploads\/instalacion-aire-acondicionado-gernika-3-150x150.jpg 150w, https:\/\/enertek.eus\/wp-content\/uploads\/instalacion-aire-acondicionado-gernika-3-370x370.jpg 370w, https:\/\/enertek.eus\/wp-content\/uploads\/instalacion-aire-acondicionado-gernika-3-90x90.jpg 90w, https:\/\/enertek.eus\/wp-content\/uploads\/instalacion-aire-acondicionado-gernika-3-410x410.jpg 410w\" sizes=\"(max-width: 767px) 100vw, 512px\" \/>\t\t\t\t\t\t\t\t\t\t\t\t\t\t\t<\/div>\n\t\t\t\t<\/div>\n\t\t\t\t<\/div>\n\t\t\t\t<\/div>\n\t\t\t\t<div data-animation-type=\"block\" class=\"elementor-element elementor-element-d3a9779 animation_type_block sc_fly_static elementor-invisible elementor-widget elementor-widget-heading\" data-id=\"d3a9779\" data-element_type=\"widget\" data-e-type=\"widget\" data-settings=\"{&quot;_animation&quot;:&quot;ta_fadeinup&quot;}\" data-widget_type=\"heading.default\">\n\t\t\t\t<div class=\"elementor-widget-container\">\n\t\t\t\t\t<p class=\"elementor-heading-title elementor-size-default\">Mantenga la temperatura perfecta durante todo el a\u00f1o.\n<\/br><br>Ll\u00e1manos y te asesoraremos sobre el mejor sistema de climatizaci\u00f3n para tu hogar.<\/p>\t\t\t\t<\/div>\n\t\t\t\t<\/div>\n\t\t\t\t\t<\/div>\n\t\t\t\t<\/div>\n\t\t<div class=\"elementor-element elementor-element-c287043 e-flex e-con-boxed sc_layouts_column_icons_position_left e-con e-parent\" data-id=\"c287043\" data-element_type=\"container\" data-e-type=\"container\" data-settings=\"{&quot;background_background&quot;:&quot;classic&quot;}\">\n\t\t\t\t\t<div class=\"e-con-inner\">\n\t\t\t\t<div data-animation-type=\"block\" class=\"elementor-element elementor-element-240df00 animation_type_block sc_fly_static elementor-invisible elementor-widget elementor-widget-heading\" data-id=\"240df00\" data-element_type=\"widget\" data-e-type=\"widget\" data-settings=\"{&quot;_animation&quot;:&quot;ta_fadeinup&quot;}\" data-widget_type=\"heading.default\">\n\t\t\t\t<div class=\"elementor-widget-container\">\n\t\t\t\t\t<h2 class=\"elementor-heading-title elementor-size-default\">Resolvemos tus dudas.\n<\/h2>\t\t\t\t<\/div>\n\t\t\t\t<\/div>\n\t\t\t\t<div data-animation-type=\"block\" class=\"elementor-element elementor-element-cdb8d05 animation_type_block sc_fly_static elementor-invisible elementor-widget elementor-widget-heading\" data-id=\"cdb8d05\" data-element_type=\"widget\" data-e-type=\"widget\" data-settings=\"{&quot;_animation&quot;:&quot;ta_fadeinup&quot;,&quot;_animation_delay&quot;:100}\" data-widget_type=\"heading.default\">\n\t\t\t\t<div class=\"elementor-widget-container\">\n\t\t\t\t\t<h3 class=\"elementor-heading-title elementor-size-default\">Preguntas frecuentes sobre el aire acondicionado<\/h3>\t\t\t\t<\/div>\n\t\t\t\t<\/div>\n\t\t\t\t<div data-animation-type=\"block\" class=\"elementor-element elementor-element-36d917b animation_type_block sc_fly_static elementor-invisible elementor-widget elementor-widget-trx_elm_accordion\" data-id=\"36d917b\" data-element_type=\"widget\" data-e-type=\"widget\" data-settings=\"{&quot;_animation&quot;:&quot;ta_fadeinup&quot;,&quot;_animation_delay&quot;:200,&quot;accordion_type&quot;:&quot;accordion&quot;,&quot;toggle_speed&quot;:300}\" data-widget_type=\"trx_elm_accordion.default\">\n\t\t\t\t<div class=\"elementor-widget-container\">\n\t\t\t\t\t\t\t<div class=\"trx-addons-accordion trx-addons-toggle-icon-align-right trx-addons-accordion-show-numbers\" id=\"trx-addons-accordion-36d917b\" data-accordion-id=\"36d917b\" role=\"tablist\">\n\t\t\t\t\t\t\t<div class=\"trx-addons-accordion-item\">\n\t\t\t\t\t\t\t\t\t\t<h4 id=\"trx-addons-accordion-tab-title-5751\" class=\"trx-addons-accordion-tab-title\" tabindex=\"0\" data-tab=\"1\" role=\"tab\" aria-controls=\"trx-addons-accordion-tab-content-5751\" aria-expanded=\"false\">\n\t\t\t\t\t\t\t\t\t\t\t\t\t<span class=\"trx-addons-accordion-title-number\">\n\t\t\t\t\t\t\t\t<span class=\"trx-addons-accordion-title-number-text\">01<\/span>\n\t\t\t\t\t\t\t<\/span>\n\t\t\t\t\t\t\t\t\t\t\t\t<span class=\"trx-addons-accordion-title-icon\">\n\t\t\t\t\t\t\t\t\t\t\t\t\t\t<span class=\"trx-addons-accordion-title-text\">\n\t\t\t\t\t\t\t\t\u00bfCu\u00e1l es el sistema m\u00e1s adecuado para una vivienda\t\t\t\t\t\t\t<\/span>\n\t\t\t\t\t\t<\/span>\n\t\t\t\t\t\t\t\t\t\t\t\t\t<span class=\"trx-addons-accordion-toggle-icon\">\n\t\t\t\t\t\t\t\t\t\t\t\t\t\t\t\t\t<span class='trx-addons-accordion-toggle-icon-close trx-addons-icon'>\n\t\t\t\t\t\t\t\t\t\t<svg xmlns=\"http:\/\/www.w3.org\/2000\/svg\" viewBox=\"0 0 11 11\"><path d=\"M4.8,4.8V0h1.3v4.8H11v1.3H6.2V11H4.8V6.2H0V4.8H4.8z\"><\/path><\/svg>\t\t\t\t\t\t\t\t\t<\/span>\n\t\t\t\t\t\t\t\t\t\t\t\t\t\t\t\t\t\t\t\t\t\t\t\t\t<span class='trx-addons-accordion-toggle-icon-open trx-addons-icon'>\n\t\t\t\t\t\t\t\t\t\t<svg xmlns=\"http:\/\/www.w3.org\/2000\/svg\" viewBox=\"0 0 11 11\"><path d=\"M0,4.8l11,0v1.3H0L0,4.8z\"><\/path><\/svg>\t\t\t\t\t\t\t\t\t<\/span>\n\t\t\t\t\t\t\t\t\t\t\t\t\t\t\t<\/span>\n\t\t\t\t\t\t\t\t\t\t\t<\/h4>\n\n\t\t\t\t\t<div id=\"trx-addons-accordion-tab-content-5751\" class=\"trx-addons-accordion-tab-content\" data-tab=\"1\" role=\"tabpanel\" aria-labelledby=\"trx-addons-accordion-tab-title-5751\">\n\t\t\t\t\t\t<p>Depende del tama\u00f1o y la distribuci\u00f3n. Los sistemas split son ideales para estancias individuales; para casas completas, se puede optar por multisplit o conductos. <\/p>\n\t\t\t\t\t<\/div>\n\t\t\t\t<\/div>\n\t\t\t\t\t\t\t<div class=\"trx-addons-accordion-item trx-addons-accordion-item-active\">\n\t\t\t\t\t\t\t\t\t\t<h4 id=\"trx-addons-accordion-tab-title-5752\" class=\"trx-addons-accordion-tab-title trx-addons-accordion-tab-active-default\" tabindex=\"0\" data-tab=\"2\" role=\"tab\" aria-controls=\"trx-addons-accordion-tab-content-5752\" aria-expanded=\"true\">\n\t\t\t\t\t\t\t\t\t\t\t\t\t<span class=\"trx-addons-accordion-title-number\">\n\t\t\t\t\t\t\t\t<span class=\"trx-addons-accordion-title-number-text\">02<\/span>\n\t\t\t\t\t\t\t<\/span>\n\t\t\t\t\t\t\t\t\t\t\t\t<span class=\"trx-addons-accordion-title-icon\">\n\t\t\t\t\t\t\t\t\t\t\t\t\t\t<span class=\"trx-addons-accordion-title-text\">\n\t\t\t\t\t\t\t\t\u00bfRequieren mantenimiento los equipos de aire acondicionado?\t\t\t\t\t\t\t<\/span>\n\t\t\t\t\t\t<\/span>\n\t\t\t\t\t\t\t\t\t\t\t\t\t<span class=\"trx-addons-accordion-toggle-icon\">\n\t\t\t\t\t\t\t\t\t\t\t\t\t\t\t\t\t<span class='trx-addons-accordion-toggle-icon-close trx-addons-icon'>\n\t\t\t\t\t\t\t\t\t\t<svg xmlns=\"http:\/\/www.w3.org\/2000\/svg\" viewBox=\"0 0 11 11\"><path d=\"M4.8,4.8V0h1.3v4.8H11v1.3H6.2V11H4.8V6.2H0V4.8H4.8z\"><\/path><\/svg>\t\t\t\t\t\t\t\t\t<\/span>\n\t\t\t\t\t\t\t\t\t\t\t\t\t\t\t\t\t\t\t\t\t\t\t\t\t<span class='trx-addons-accordion-toggle-icon-open trx-addons-icon'>\n\t\t\t\t\t\t\t\t\t\t<svg xmlns=\"http:\/\/www.w3.org\/2000\/svg\" viewBox=\"0 0 11 11\"><path d=\"M0,4.8l11,0v1.3H0L0,4.8z\"><\/path><\/svg>\t\t\t\t\t\t\t\t\t<\/span>\n\t\t\t\t\t\t\t\t\t\t\t\t\t\t\t<\/span>\n\t\t\t\t\t\t\t\t\t\t\t<\/h4>\n\n\t\t\t\t\t<div id=\"trx-addons-accordion-tab-content-5752\" class=\"trx-addons-accordion-tab-content trx-addons-accordion-tab-active-default\" data-tab=\"2\" role=\"tabpanel\" aria-labelledby=\"trx-addons-accordion-tab-title-5752\">\n\t\t\t\t\t\t<p>S\u00ed, es recomendable hacer una limpieza de filtros regular y una revisi\u00f3n t\u00e9cnica anual para asegurar un funcionamiento eficiente.<\/p>\n\t\t\t\t\t<\/div>\n\t\t\t\t<\/div>\n\t\t\t\t\t\t\t<div class=\"trx-addons-accordion-item\">\n\t\t\t\t\t\t\t\t\t\t<h4 id=\"trx-addons-accordion-tab-title-5753\" class=\"trx-addons-accordion-tab-title\" tabindex=\"0\" data-tab=\"3\" role=\"tab\" aria-controls=\"trx-addons-accordion-tab-content-5753\" aria-expanded=\"false\">\n\t\t\t\t\t\t\t\t\t\t\t\t\t<span class=\"trx-addons-accordion-title-number\">\n\t\t\t\t\t\t\t\t<span class=\"trx-addons-accordion-title-number-text\">03<\/span>\n\t\t\t\t\t\t\t<\/span>\n\t\t\t\t\t\t\t\t\t\t\t\t<span class=\"trx-addons-accordion-title-icon\">\n\t\t\t\t\t\t\t\t\t\t\t\t\t\t<span class=\"trx-addons-accordion-title-text\">\n\t\t\t\t\t\t\t\t\u00bfEl aire acondicionado puede calentar en invierno?\t\t\t\t\t\t\t<\/span>\n\t\t\t\t\t\t<\/span>\n\t\t\t\t\t\t\t\t\t\t\t\t\t<span class=\"trx-addons-accordion-toggle-icon\">\n\t\t\t\t\t\t\t\t\t\t\t\t\t\t\t\t\t<span class='trx-addons-accordion-toggle-icon-close trx-addons-icon'>\n\t\t\t\t\t\t\t\t\t\t<svg xmlns=\"http:\/\/www.w3.org\/2000\/svg\" viewBox=\"0 0 11 11\"><path d=\"M4.8,4.8V0h1.3v4.8H11v1.3H6.2V11H4.8V6.2H0V4.8H4.8z\"><\/path><\/svg>\t\t\t\t\t\t\t\t\t<\/span>\n\t\t\t\t\t\t\t\t\t\t\t\t\t\t\t\t\t\t\t\t\t\t\t\t\t<span class='trx-addons-accordion-toggle-icon-open trx-addons-icon'>\n\t\t\t\t\t\t\t\t\t\t<svg xmlns=\"http:\/\/www.w3.org\/2000\/svg\" viewBox=\"0 0 11 11\"><path d=\"M0,4.8l11,0v1.3H0L0,4.8z\"><\/path><\/svg>\t\t\t\t\t\t\t\t\t<\/span>\n\t\t\t\t\t\t\t\t\t\t\t\t\t\t\t<\/span>\n\t\t\t\t\t\t\t\t\t\t\t<\/h4>\n\n\t\t\t\t\t<div id=\"trx-addons-accordion-tab-content-5753\" class=\"trx-addons-accordion-tab-content\" data-tab=\"3\" role=\"tabpanel\" aria-labelledby=\"trx-addons-accordion-tab-title-5753\">\n\t\t\t\t\t\t<p>S\u00ed, muchos modelos incluyen bomba de calor, lo que permite usarlos tambi\u00e9n como sistema de calefacci\u00f3n.<\/p>\n\t\t\t\t\t<\/div>\n\t\t\t\t<\/div>\n\t\t\t\t\t<\/div>\n\t\t\t\t\t\t<\/div>\n\t\t\t\t<\/div>\n\t\t\t\t\t<\/div>\n\t\t\t\t<\/div>\n\t\t\t\t<\/div>\n\t\t","protected":false},"excerpt":{"rendered":"<p>AIRE ACONDICIONADO Instalaci\u00f3n y mantenimiento Comodidad en cualquier \u00e9poca del a\u00f1o En ENERTEK&hellip;<\/p>\n","protected":false},"author":1,"featured_media":0,"parent":3951,"menu_order":0,"comment_status":"closed","ping_status":"closed","template":"","meta":{"footnotes":""},"class_list":["post-3927","page","type-page","status-publish","hentry"],"yoast_head":"<!-- This site is optimized with the Yoast SEO plugin v27.4 - https:\/\/yoast.com\/product\/yoast-seo-wordpress\/ -->\n<title>Aire acondicionado - Enertek<\/title>\n<meta name=\"robots\" content=\"index, follow, max-snippet:-1, max-image-preview:large, max-video-preview:-1\" \/>\n<link rel=\"canonical\" href=\"https:\/\/enertek.eus\/es\/servicios\/aire-acondicionado\/\" \/>\n<meta property=\"og:locale\" content=\"es_ES\" \/>\n<meta property=\"og:type\" content=\"article\" \/>\n<meta property=\"og:title\" content=\"Aire acondicionado - Enertek\" \/>\n<meta property=\"og:description\" content=\"AIRE ACONDICIONADO Instalaci\u00f3n y mantenimiento Comodidad en cualquier \u00e9poca del a\u00f1o En ENERTEK&hellip;\" \/>\n<meta property=\"og:url\" content=\"https:\/\/enertek.eus\/es\/servicios\/aire-acondicionado\/\" \/>\n<meta property=\"og:site_name\" content=\"Enertek\" \/>\n<meta property=\"article:modified_time\" content=\"2025-10-22T12:51:35+00:00\" \/>\n<meta property=\"og:image\" content=\"https:\/\/enertek.eus\/wp-content\/uploads\/instalacion-aire-acondicionado-gernika-3.jpg\" \/>\n\t<meta property=\"og:image:width\" content=\"512\" \/>\n\t<meta property=\"og:image:height\" content=\"512\" \/>\n\t<meta property=\"og:image:type\" content=\"image\/jpeg\" \/>\n<meta name=\"twitter:card\" content=\"summary_large_image\" \/>\n<meta name=\"twitter:label1\" content=\"Tiempo de lectura\" \/>\n\t<meta name=\"twitter:data1\" content=\"1 minuto\" \/>\n<script type=\"application\/ld+json\" class=\"yoast-schema-graph\">{\"@context\":\"https:\\\/\\\/schema.org\",\"@graph\":[{\"@type\":\"WebPage\",\"@id\":\"https:\\\/\\\/enertek.eus\\\/es\\\/servicios\\\/aire-acondicionado\\\/\",\"url\":\"https:\\\/\\\/enertek.eus\\\/es\\\/servicios\\\/aire-acondicionado\\\/\",\"name\":\"Aire acondicionado - Enertek\",\"isPartOf\":{\"@id\":\"https:\\\/\\\/enertek.eus\\\/es\\\/#website\"},\"primaryImageOfPage\":{\"@id\":\"https:\\\/\\\/enertek.eus\\\/es\\\/servicios\\\/aire-acondicionado\\\/#primaryimage\"},\"image\":{\"@id\":\"https:\\\/\\\/enertek.eus\\\/es\\\/servicios\\\/aire-acondicionado\\\/#primaryimage\"},\"thumbnailUrl\":\"https:\\\/\\\/enertek.eus\\\/wp-content\\\/uploads\\\/instalacion-aire-acondicionado-gernika-3.jpg\",\"datePublished\":\"2025-05-05T13:36:57+00:00\",\"dateModified\":\"2025-10-22T12:51:35+00:00\",\"breadcrumb\":{\"@id\":\"https:\\\/\\\/enertek.eus\\\/es\\\/servicios\\\/aire-acondicionado\\\/#breadcrumb\"},\"inLanguage\":\"es\",\"potentialAction\":[{\"@type\":\"ReadAction\",\"target\":[\"https:\\\/\\\/enertek.eus\\\/es\\\/servicios\\\/aire-acondicionado\\\/\"]}]},{\"@type\":\"ImageObject\",\"inLanguage\":\"es\",\"@id\":\"https:\\\/\\\/enertek.eus\\\/es\\\/servicios\\\/aire-acondicionado\\\/#primaryimage\",\"url\":\"https:\\\/\\\/enertek.eus\\\/wp-content\\\/uploads\\\/instalacion-aire-acondicionado-gernika-3.jpg\",\"contentUrl\":\"https:\\\/\\\/enertek.eus\\\/wp-content\\\/uploads\\\/instalacion-aire-acondicionado-gernika-3.jpg\"},{\"@type\":\"BreadcrumbList\",\"@id\":\"https:\\\/\\\/enertek.eus\\\/es\\\/servicios\\\/aire-acondicionado\\\/#breadcrumb\",\"itemListElement\":[{\"@type\":\"ListItem\",\"position\":1,\"name\":\"Portada\",\"item\":\"https:\\\/\\\/enertek.eus\\\/es\\\/\"},{\"@type\":\"ListItem\",\"position\":2,\"name\":\"Servicios\",\"item\":\"https:\\\/\\\/enertek.eus\\\/es\\\/servicios\\\/\"},{\"@type\":\"ListItem\",\"position\":3,\"name\":\"Aire acondicionado\"}]},{\"@type\":\"WebSite\",\"@id\":\"https:\\\/\\\/enertek.eus\\\/es\\\/#website\",\"url\":\"https:\\\/\\\/enertek.eus\\\/es\\\/\",\"name\":\"Enertek\",\"description\":\"Climatizaci\u00f3n y Renovables\",\"publisher\":{\"@id\":\"https:\\\/\\\/enertek.eus\\\/es\\\/#organization\"},\"potentialAction\":[{\"@type\":\"SearchAction\",\"target\":{\"@type\":\"EntryPoint\",\"urlTemplate\":\"https:\\\/\\\/enertek.eus\\\/es\\\/?s={search_term_string}\"},\"query-input\":{\"@type\":\"PropertyValueSpecification\",\"valueRequired\":true,\"valueName\":\"search_term_string\"}}],\"inLanguage\":\"es\"},{\"@type\":\"Organization\",\"@id\":\"https:\\\/\\\/enertek.eus\\\/es\\\/#organization\",\"name\":\"Enertek\",\"url\":\"https:\\\/\\\/enertek.eus\\\/es\\\/\",\"logo\":{\"@type\":\"ImageObject\",\"inLanguage\":\"es\",\"@id\":\"https:\\\/\\\/enertek.eus\\\/es\\\/#\\\/schema\\\/logo\\\/image\\\/\",\"url\":\"https:\\\/\\\/enertek.eus\\\/wp-content\\\/uploads\\\/Enertek-logo.png\",\"contentUrl\":\"https:\\\/\\\/enertek.eus\\\/wp-content\\\/uploads\\\/Enertek-logo.png\",\"width\":300,\"height\":66,\"caption\":\"Enertek\"},\"image\":{\"@id\":\"https:\\\/\\\/enertek.eus\\\/es\\\/#\\\/schema\\\/logo\\\/image\\\/\"}}]}<\/script>\n<!-- \/ Yoast SEO plugin. -->","yoast_head_json":{"title":"Aire acondicionado - Enertek","robots":{"index":"index","follow":"follow","max-snippet":"max-snippet:-1","max-image-preview":"max-image-preview:large","max-video-preview":"max-video-preview:-1"},"canonical":"https:\/\/enertek.eus\/es\/servicios\/aire-acondicionado\/","og_locale":"es_ES","og_type":"article","og_title":"Aire acondicionado - Enertek","og_description":"AIRE ACONDICIONADO Instalaci\u00f3n y mantenimiento Comodidad en cualquier \u00e9poca del a\u00f1o En ENERTEK&hellip;","og_url":"https:\/\/enertek.eus\/es\/servicios\/aire-acondicionado\/","og_site_name":"Enertek","article_modified_time":"2025-10-22T12:51:35+00:00","og_image":[{"width":512,"height":512,"url":"https:\/\/enertek.eus\/wp-content\/uploads\/instalacion-aire-acondicionado-gernika-3.jpg","type":"image\/jpeg"}],"twitter_card":"summary_large_image","twitter_misc":{"Tiempo de lectura":"1 minuto"},"schema":{"@context":"https:\/\/schema.org","@graph":[{"@type":"WebPage","@id":"https:\/\/enertek.eus\/es\/servicios\/aire-acondicionado\/","url":"https:\/\/enertek.eus\/es\/servicios\/aire-acondicionado\/","name":"Aire acondicionado - Enertek","isPartOf":{"@id":"https:\/\/enertek.eus\/es\/#website"},"primaryImageOfPage":{"@id":"https:\/\/enertek.eus\/es\/servicios\/aire-acondicionado\/#primaryimage"},"image":{"@id":"https:\/\/enertek.eus\/es\/servicios\/aire-acondicionado\/#primaryimage"},"thumbnailUrl":"https:\/\/enertek.eus\/wp-content\/uploads\/instalacion-aire-acondicionado-gernika-3.jpg","datePublished":"2025-05-05T13:36:57+00:00","dateModified":"2025-10-22T12:51:35+00:00","breadcrumb":{"@id":"https:\/\/enertek.eus\/es\/servicios\/aire-acondicionado\/#breadcrumb"},"inLanguage":"es","potentialAction":[{"@type":"ReadAction","target":["https:\/\/enertek.eus\/es\/servicios\/aire-acondicionado\/"]}]},{"@type":"ImageObject","inLanguage":"es","@id":"https:\/\/enertek.eus\/es\/servicios\/aire-acondicionado\/#primaryimage","url":"https:\/\/enertek.eus\/wp-content\/uploads\/instalacion-aire-acondicionado-gernika-3.jpg","contentUrl":"https:\/\/enertek.eus\/wp-content\/uploads\/instalacion-aire-acondicionado-gernika-3.jpg"},{"@type":"BreadcrumbList","@id":"https:\/\/enertek.eus\/es\/servicios\/aire-acondicionado\/#breadcrumb","itemListElement":[{"@type":"ListItem","position":1,"name":"Portada","item":"https:\/\/enertek.eus\/es\/"},{"@type":"ListItem","position":2,"name":"Servicios","item":"https:\/\/enertek.eus\/es\/servicios\/"},{"@type":"ListItem","position":3,"name":"Aire acondicionado"}]},{"@type":"WebSite","@id":"https:\/\/enertek.eus\/es\/#website","url":"https:\/\/enertek.eus\/es\/","name":"Enertek","description":"Climatizaci\u00f3n y Renovables","publisher":{"@id":"https:\/\/enertek.eus\/es\/#organization"},"potentialAction":[{"@type":"SearchAction","target":{"@type":"EntryPoint","urlTemplate":"https:\/\/enertek.eus\/es\/?s={search_term_string}"},"query-input":{"@type":"PropertyValueSpecification","valueRequired":true,"valueName":"search_term_string"}}],"inLanguage":"es"},{"@type":"Organization","@id":"https:\/\/enertek.eus\/es\/#organization","name":"Enertek","url":"https:\/\/enertek.eus\/es\/","logo":{"@type":"ImageObject","inLanguage":"es","@id":"https:\/\/enertek.eus\/es\/#\/schema\/logo\/image\/","url":"https:\/\/enertek.eus\/wp-content\/uploads\/Enertek-logo.png","contentUrl":"https:\/\/enertek.eus\/wp-content\/uploads\/Enertek-logo.png","width":300,"height":66,"caption":"Enertek"},"image":{"@id":"https:\/\/enertek.eus\/es\/#\/schema\/logo\/image\/"}}]}},"_links":{"self":[{"href":"https:\/\/enertek.eus\/es\/wp-json\/wp\/v2\/pages\/3927","targetHints":{"allow":["GET"]}}],"collection":[{"href":"https:\/\/enertek.eus\/es\/wp-json\/wp\/v2\/pages"}],"about":[{"href":"https:\/\/enertek.eus\/es\/wp-json\/wp\/v2\/types\/page"}],"author":[{"embeddable":true,"href":"https:\/\/enertek.eus\/es\/wp-json\/wp\/v2\/users\/1"}],"replies":[{"embeddable":true,"href":"https:\/\/enertek.eus\/es\/wp-json\/wp\/v2\/comments?post=3927"}],"version-history":[{"count":3,"href":"https:\/\/enertek.eus\/es\/wp-json\/wp\/v2\/pages\/3927\/revisions"}],"predecessor-version":[{"id":4422,"href":"https:\/\/enertek.eus\/es\/wp-json\/wp\/v2\/pages\/3927\/revisions\/4422"}],"up":[{"embeddable":true,"href":"https:\/\/enertek.eus\/es\/wp-json\/wp\/v2\/pages\/3951"}],"wp:attachment":[{"href":"https:\/\/enertek.eus\/es\/wp-json\/wp\/v2\/media?parent=3927"}],"curies":[{"name":"wp","href":"https:\/\/api.w.org\/{rel}","templated":true}]}}